{"version":"1.0","provider_name":"D\u00f6me, Bercel \u00e9s Huba","provider_url":"https:\/\/tokmag.cafeblog.hu","author_name":"Nemlajos","author_url":"https:\/\/tokmag.cafeblog.hu\/author\/nemlajo\/","title":"Murphy","html":"<p style=\"text-align: justify\"><span>\u00d3, h\u00e1t nagyszer\u0171en el lehet \u00e1m kiab\u00e1lni a dolgokat, ezt most m\u00e1r vil\u00e1gosan l\u00e1tom!:o<\/span><br \/><span>H\u00e1t, m\u00e1r nem felt\u00e9tlen\u00fcl aludja v\u00e9gig D\u00f6me az \u00e9jszak\u00e1kat, de m\u00e1r n\u00e9mi rendszert kezdek \u00e9szrevenni a m\u0171k\u00f6d\u00e9s\u00e9ben, most p\u00e9ld\u00e1ul azt, hogy minden p\u00e1ratlan napon este f\u00e1j a hasa, minden p\u00e1rosan pedig \u00e9jjel. Ez azt jelenti, hogy amikor este f\u00e1j, akkor olyan 6-8 k\u00f6z\u00f6tt kezd\u0151dik a ny\u0171g\u00f6ss\u00e9g, a tehetetlen s\u00edr\u00e1s, \u00e9s \u00e9jf\u00e9l-egy \u00f3r\u00e1ra v\u00e9ge is, ami az\u00e9rt j\u00f3, mert k\u00f6zben az\u00e9rt am\u00fagy is fent lenn\u00e9k, n\u00e9zem a sorozataimat, \u00edrom a hozz\u00e1sz\u00f3l\u00e1sokat, sz\u00f3val k\u00fcl\u00f6n\u00f6sebben nem zavarja meg a menetrendet, hogy a gyermekem szenved. <\/span><br \/><span>Viszont, ha \u00e9jjel indul be a bugi, ami olyan 11 \u00e9s \u00e9jjel 1 k\u00f6z\u00f6tti indul\u00e1st jelent, no, az valami r\u00e9mes, olyankor 3-4, vagy ak\u00e1r 5-ig is eltarthat a sehogysej\u00f3-helyzet, \u00e9s bizony az nekem, b\u00e1rhogy n\u00e9zem, eddig az alv\u00e1sid\u0151m volt. Ilyenkor el\u0151fordul, hogy elvesz\u00edtem a t\u00fcrelmem, s\u0151t, cs\u00fany\u00e1n is besz\u00e9ltem m\u00e1r a gyerekkel, de h\u00e1l istennek vannak j\u00f3akar\u00f3im, akik megnyugtattak, hogy ink\u00e1bb verb\u00e1lisan, mint t\u00e9nyleg, \u00e9s hogy ezen mindenki \u00e1tesik, az is, aki azt hazudja, hogy nem:)<\/span><\/p><p style=\"text-align: justify\"><span>Sz\u00f3val pr\u00f3b\u00e1lok any\u00e1v\u00e1 v\u00e1lni, \u00e9s azt szerencs\u00e9re m\u00e1r most bel\u00e1ttam, hogy nem akarok t\u00f6k\u00e9letes, csak el\u00e9g j\u00f3 anya lenni, \u00edgy legal\u00e1bb a meg\u0151r\u00fcl\u00e9st, meg a f\u00f6l\u00f6sleges lelki g\u00f6rcs\u00f6ket megsp\u00f3rolom magamnak:)<\/span><\/p><p style=\"text-align: justify\"><span>Egy\u00e9bk\u00e9nt meg tel<\/span><span>nek a napok, hihetetlen gyorsan, ma holnap D\u00f6me iskol\u00e1s lesz:) de t\u00e9nyleg \u00e9szrev\u00e9tlen\u00fcl suhannak el a hetek, a gyerek meg n\u0151, mint a gomba, lassan m\u00e1r a t\u00e1rsadalomba is be kell vezetnem \u0151kelm\u00e9t.<\/span><\/p><p style=\"text-align: justify\"><span>No, egy-k\u00e9t fot\u00f3, ha m\u00e1r:<\/span><\/p><p style=\"text-align: justify\"><span><img src=\"https:\/\/tokmag.cafeblog.hu\/files\/2009\/03\/D\u00f6br\u00f6gi4.jpg\" alt=\"\" \/><br \/><\/span><\/p><p style=\"text-align: justify\"><span><img alt=\"\" src=\"https:\/\/tokmag.cafeblog.hu\/files\/2009\/03\/kid\u0151lve2.jpg\" \/><img alt=\"\" src=\"https:\/\/tokmag.cafeblog.hu\/files\/2009\/03\/ny\u0171gl\u0151d\u00e9s-002.jpg\" \/><\/span><br \/>&nbsp;<\/p>","type":"rich"}